{"id":215,"date":"2023-12-08T10:14:12","date_gmt":"2023-12-08T09:14:12","guid":{"rendered":"https:\/\/seve-du-jardin.fr\/?page_id=215"},"modified":"2023-12-08T10:14:12","modified_gmt":"2023-12-08T09:14:12","slug":"reglement-sur-la-vie-privee","status":"publish","type":"page","link":"https:\/\/seve-du-jardin.fr\/?page_id=215","title":{"rendered":"R\u00e8glement sur la vie priv\u00e9e"},"content":{"rendered":"<p>[et_pb_section fb_built=&#8221;1&#8243; _builder_version=&#8221;4.23.1&#8243; _module_preset=&#8221;default&#8221; global_colors_info=&#8221;{}&#8221; theme_builder_area=&#8221;post_content&#8221;][et_pb_row _builder_version=&#8221;4.23.1&#8243; _module_preset=&#8221;default&#8221; global_colors_info=&#8221;{}&#8221; theme_builder_area=&#8221;post_content&#8221;][et_pb_column type=&#8221;4_4&#8243; _builder_version=&#8221;4.23.1&#8243; _module_preset=&#8221;default&#8221; global_colors_info=&#8221;{}&#8221; theme_builder_area=&#8221;post_content&#8221;][et_pb_text _builder_version=&#8221;4.23.1&#8243; _module_preset=&#8221;default&#8221; header_font=&#8221;Cardo||||||||&#8221; hover_enabled=&#8221;0&#8243; global_colors_info=&#8221;{}&#8221; theme_builder_area=&#8221;post_content&#8221; sticky_enabled=&#8221;0&#8243;]<\/p>\n<h1>R\u00e8glement sur la vie priv\u00e9e<\/h1>\n<p>[\/et_pb_text][\/et_pb_column][\/et_pb_row][et_pb_row _builder_version=&#8221;4.23.1&#8243; _module_preset=&#8221;default&#8221; global_colors_info=&#8221;{}&#8221; theme_builder_area=&#8221;post_content&#8221;][et_pb_column type=&#8221;4_4&#8243; _builder_version=&#8221;4.23.1&#8243; _module_preset=&#8221;default&#8221; global_colors_info=&#8221;{}&#8221; theme_builder_area=&#8221;post_content&#8221;][et_pb_text _builder_version=&#8221;4.23.1&#8243; _module_preset=&#8221;default&#8221; text_font=&#8221;Nunito||||||||&#8221; hover_enabled=&#8221;0&#8243; global_colors_info=&#8221;{}&#8221; theme_builder_area=&#8221;post_content&#8221; sticky_enabled=&#8221;0&#8243;]<\/p>\n<p><strong>Les donn\u00e9es collect\u00e9es \/ Quelles informations collectons-nous ?<\/strong><\/p>\n<p>La SCEA Les Jardins du CEP<span>\u00a0<\/span><span>collecte les donn\u00e9es suivantes :<\/span><\/p>\n<ul>\n<li>Vos coordonn\u00e9es personnelles saisies lors de votre inscription, accessibles et modifiables depuis votre compte prot\u00e9g\u00e9 par mot de passe (nom, pr\u00e9nom, adresse email, adresse postale, t\u00e9l\u00e9phone).<\/li>\n<li>Votre adresse email en cas d\u2019inscription \u00e0 la newsletter<\/li>\n<\/ul>\n<p><strong>Utilisation des donn\u00e9es \/ Comment utilisons-nous ces informations ?<\/strong><\/p>\n<p>Les donn\u00e9es priv\u00e9es collect\u00e9es permettent \u00e0 la\u00a0SCEA Les Jardins du CEP\u00a0de :<\/p>\n<ul>\n<li>Traiter vos commandes (paiement, pr\u00e9paration, livraison) en vous communiquant les informations n\u00e9cessaires<\/li>\n<li>R\u00e9pondre \u00e0 toutes vos questions relatives \u00e0 une commande\/livraison ou autres demandes d\u2019information<\/li>\n<li>Vous adresser, sous r\u00e9serve de votre accord, des messages de relance et\/ou prospection commerciale<\/li>\n<\/ul>\n<p><strong>Conservation des donn\u00e9es<\/strong><\/p>\n<p>Apr\u00e8s suppression de votre compte, vos donn\u00e9es personnelles sont anonymis\u00e9es et conserv\u00e9es pendant 3 ann\u00e9es pour conserver un historique d\u2019activit\u00e9 et des statistiques de vente. Au-del\u00e0, elles seront d\u00e9finitivement supprim\u00e9es.<br \/>Cependant, l\u2019obligation l\u00e9gale de conservation pendant 10 ann\u00e9es des pi\u00e8ces justificatives, telles que les bons de commande\/livraison et factures, fait que votre nom et adresse appara\u00eetront toujours sur ces documents \u00e9dit\u00e9s.<\/p>\n<p><strong>Partage et divulgation des donn\u00e9es \/ Comment ces informations sont-elles partag\u00e9es ?<\/strong><\/p>\n<p>La SCEA Les Jardins du CEP\u00a0est le seul destinataire des donn\u00e9es collect\u00e9es.<\/p>\n<p>Vos donn\u00e9es personnelles (limit\u00e9es \u00e0 votre nom, adresse, num\u00e9ro de t\u00e9l\u00e9phone et courriel) peuvent \u00eatre transmises \u00e0 un tiers dans les cas suivant(s) :<\/p>\n<ul>\n<li>A un prestataire logistique pour assurer la livraison de votre commande<\/li>\n<\/ul>\n<p><strong>Mesures de s\u00e9curit\u00e9<\/strong><\/p>\n<p>La\u00a0SCEA Les Jardins du CEP applique tous les efforts pour prot\u00e9ger vos donn\u00e9es personnelles contre les dommages, perte, d\u00e9tournement, intrusion, divulgation, alt\u00e9ration ou destruction.<br \/>Notre partenaire logiciel Socleo dispose d\u2019une infrastructure informatique s\u00e9curis\u00e9e et dot\u00e9e d\u2019une sauvegarde \u00e9lectronique des donn\u00e9es collect\u00e9es, conform\u00e9ment \u00e0 la l\u00e9gislation fran\u00e7aise en vigueur relatives \u00e0 la protection des donn\u00e9es personnelles.<br \/>Les salari\u00e9s de la\u00a0SCEA Les Jardins du CEP\u00a0et de nos prestataires, qui auraient acc\u00e8s \u00e0 vos donn\u00e9es personnelles, s&#8217;engagent \u00e0 la plus grande confidentialit\u00e9 \u00e0 cet \u00e9gard.<br \/>Toutefois, La SCEA Les Jardins du CEP\u00a0ne ma\u00eetrise pas les risques li\u00e9s au fonctionnement d&#8217;internet et attire votre attention sur l&#8217;existence d&#8217;\u00e9ventuels risques en termes de pertes ponctuelles de donn\u00e9es ou d&#8217;atteinte \u00e0 la confidentialit\u00e9 des donn\u00e9es transitant via ce r\u00e9seau. Les informations propos\u00e9es sur le site pourront \u00eatre interrompues pour des cas de force majeure ou ind\u00e9pendants de la volont\u00e9 de la SCEA Les Jardins du CEP\u00a0ou de faits ne relevant pas de la responsabilit\u00e9 de la SCEA Les Jardins du CEP.<\/p>\n<p><strong>Droits des personnes sur les donn\u00e9es collect\u00e9es \/ Quelles sont les donn\u00e9es auxquelles j\u2019ai acc\u00e8s et quels droits ai-je dessus ?<\/strong><\/p>\n<p>La SCEA Les Jardins du CEP\u00a0vous donne acc\u00e8s aux informations li\u00e9es \u00e0 votre compte (informations personnelles, commandes, factures) dans le but d\u2019en prendre connaissance et, dans certains cas, de mettre \u00e0 jour ces informations.<br \/>Conform\u00e9ment aux dispositions en vigueur, vous disposez d\u2019un droit d\u2019acc\u00e8s, de modification, de rectification et de suppression des informations vous concernant. Vous pouvez exercer ces droits sur votre compte.<br \/>Si vous ne souhaitez pas recevoir de relance commerciale par email ou autres types d\u2019emails de notre part, veuillez le notifier dans les \u00ab Pr\u00e9f\u00e9rences de messagerie \u00bb de votre compte.<\/p>\n<p><strong>Politique de donn\u00e9es personnelles relatives aux mineurs<\/strong><\/p>\n<p>Le site ne vise pas comme public les mineurs. L\u2019acc\u00e8s au site n\u2019est toutefois pas r\u00e9serv\u00e9 aux adultes car il ne pr\u00e9sente pas de contenus interdits aux mineurs de moins de 18 ans.\u00a0<\/p>\n<p><strong>Mise \u00e0 jour de la politique de donn\u00e9es personnelles<\/strong><\/p>\n<p>la SCEA Les Jardins du CEP\u00a0est susceptible de modifier sa politique de gestion des donn\u00e9es personnelles. Si la SCEA Les Jardins du CEP\u00a0souhaite utiliser vos donn\u00e9es personnelles d&#8217;une mani\u00e8re diff\u00e9rente de celle stipul\u00e9e dans la rubrique &#8220;R\u00e8glement sur la vie priv\u00e9e&#8221;\u00a0en vigueur au moment de la collecte, ces modifications seront notifi\u00e9es de mani\u00e8re visible sur le site.<br \/>Du fait des changements qui peuvent intervenir dans la politique de gestion des donn\u00e9es personnelles, nous vous invitons \u00e0 visiter r\u00e9guli\u00e8rement la rubrique &#8220;R\u00e8glement sur la vie priv\u00e9e&#8221;.<\/p>\n<p><strong>Questions \/ Contact<\/strong><\/p>\n<p>Pour toute questions ou commentaires relatifs \u00e0 la politique de vie priv\u00e9e ou \u00e0 la fa\u00e7on dont la SCEA Les Jardins du CEP\u00a0proc\u00e8de \u00e0 la collecte et \u00e0 l\u2019utilisation des donn\u00e9es vous concernant, vous pouvez adresser un courriel sous la rubrique Contact de ce site.<\/p>\n<p>[\/et_pb_text][\/et_pb_column][\/et_pb_row][\/et_pb_section]<\/p>\n","protected":false},"excerpt":{"rendered":"<p>R\u00e8glement sur la vie priv\u00e9eLes donn\u00e9es collect\u00e9es \/ Quelles informations collectons-nous ? La SCEA Les Jardins du CEP\u00a0collecte les donn\u00e9es suivantes : Vos coordonn\u00e9es personnelles saisies lors de votre inscription, accessibles et modifiables depuis votre compte prot\u00e9g\u00e9 par mot de passe (nom, pr\u00e9nom, adresse email, adresse postale, t\u00e9l\u00e9phone). Votre adresse email en cas d\u2019inscription \u00e0 [&hellip;]<\/p>\n","protected":false},"author":1,"featured_media":0,"parent":0,"menu_order":0,"comment_status":"closed","ping_status":"closed","template":"","meta":{"_et_pb_use_builder":"on","_et_pb_old_content":"","_et_gb_content_width":"","footnotes":""},"_links":{"self":[{"href":"https:\/\/seve-du-jardin.fr\/index.php?rest_route=\/wp\/v2\/pages\/215"}],"collection":[{"href":"https:\/\/seve-du-jardin.fr\/index.php?rest_route=\/wp\/v2\/pages"}],"about":[{"href":"https:\/\/seve-du-jardin.fr\/index.php?rest_route=\/wp\/v2\/types\/page"}],"author":[{"embeddable":true,"href":"https:\/\/seve-du-jardin.fr\/index.php?rest_route=\/wp\/v2\/users\/1"}],"replies":[{"embeddable":true,"href":"https:\/\/seve-du-jardin.fr\/index.php?rest_route=%2Fwp%2Fv2%2Fcomments&post=215"}],"version-history":[{"count":2,"href":"https:\/\/seve-du-jardin.fr\/index.php?rest_route=\/wp\/v2\/pages\/215\/revisions"}],"predecessor-version":[{"id":217,"href":"https:\/\/seve-du-jardin.fr\/index.php?rest_route=\/wp\/v2\/pages\/215\/revisions\/217"}],"wp:attachment":[{"href":"https:\/\/seve-du-jardin.fr\/index.php?rest_route=%2Fwp%2Fv2%2Fmedia&parent=215"}],"curies":[{"name":"wp","href":"https:\/\/api.w.org\/{rel}","templated":true}]}}